{"id":293,"date":"2024-04-23T11:51:31","date_gmt":"2024-04-23T09:51:31","guid":{"rendered":"https:\/\/partivis.se\/parties-responses\/"},"modified":"2024-05-23T04:09:14","modified_gmt":"2024-05-23T02:09:14","slug":"parties-responses","status":"publish","type":"page","link":"https:\/\/partivis.se\/en\/parties-responses\/","title":{"rendered":"Parties&#8217; responses"},"content":{"rendered":"\n<div class=\"wp-block-group is-content-justification-center is-layout-flex wp-container-core-group-is-layout-b02886af wp-block-group-is-layout-flex\">\n<figure class=\"wp-block-image size-full is-resized\"><a href=\"#PartiC\"><img loading=\"lazy\" decoding=\"async\" width=\"256\" height=\"254\" src=\"https:\/\/partivis.se\/wp-content\/uploads\/2024\/04\/Centerpartiet-ikon-256.png\" alt=\"Center Party\" class=\"wp-image-33\" style=\"aspect-ratio:1;object-fit:cover;width:auto;height:50px\" srcset=\"https:\/\/partivis.se\/wp-content\/uploads\/2024\/04\/Centerpartiet-ikon-256.png 256w, https:\/\/partivis.se\/wp-content\/uploads\/2024\/04\/Centerpartiet-ikon-256-150x150.png 150w\" sizes=\"auto, (max-width: 256px) 100vw, 256px\" \/><\/a><figcaption class=\"wp-element-caption\">C<\/figcaption><\/figure>\n\n\n\n<figure class=\"wp-block-image size-full is-resized\"><a href=\"#PartiM\"><img loading=\"lazy\" decoding=\"async\" width=\"512\" height=\"512\" src=\"https:\/\/partivis.se\/wp-content\/uploads\/2024\/04\/Moderaterna-M-ikon.png\" alt=\"\" class=\"wp-image-45\" style=\"width:auto;height:50px\" srcset=\"https:\/\/partivis.se\/wp-content\/uploads\/2024\/04\/Moderaterna-M-ikon.png 512w, https:\/\/partivis.se\/wp-content\/uploads\/2024\/04\/Moderaterna-M-ikon-300x300.png 300w, https:\/\/partivis.se\/wp-content\/uploads\/2024\/04\/Moderaterna-M-ikon-150x150.png 150w\" sizes=\"auto, (max-width: 512px) 100vw, 512px\" \/><\/a><figcaption class=\"wp-element-caption\">M<\/figcaption><\/figure>\n\n\n\n<figure class=\"wp-block-image size-full is-resized\"><a href=\"#PartiMP\"><img loading=\"lazy\" decoding=\"async\" width=\"627\" height=\"549\" src=\"https:\/\/partivis.se\/wp-content\/uploads\/2024\/04\/Miljopartiet-logo-ikon.png\" alt=\"\" class=\"wp-image-49\" style=\"width:auto;height:50px\" srcset=\"https:\/\/partivis.se\/wp-content\/uploads\/2024\/04\/Miljopartiet-logo-ikon.png 627w, https:\/\/partivis.se\/wp-content\/uploads\/2024\/04\/Miljopartiet-logo-ikon-300x263.png 300w\" sizes=\"auto, (max-width: 627px) 100vw, 627px\" \/><\/a><figcaption class=\"wp-element-caption\">PM<\/figcaption><\/figure>\n\n\n\n<figure class=\"wp-block-image size-full is-resized\"><a href=\"#PartiS\"><img loading=\"lazy\" decoding=\"async\" width=\"573\" height=\"590\" src=\"https:\/\/partivis.se\/wp-content\/uploads\/2024\/04\/Socialdemokraterna-red-logo-ikon.png\" alt=\"\" class=\"wp-image-44\" style=\"width:auto;height:50px\" srcset=\"https:\/\/partivis.se\/wp-content\/uploads\/2024\/04\/Socialdemokraterna-red-logo-ikon.png 573w, https:\/\/partivis.se\/wp-content\/uploads\/2024\/04\/Socialdemokraterna-red-logo-ikon-291x300.png 291w\" sizes=\"auto, (max-width: 573px) 100vw, 573px\" \/><\/a><figcaption class=\"wp-element-caption\">S<\/figcaption><\/figure>\n\n\n\n<figure class=\"wp-block-image size-full is-resized\"><a href=\"#PartiKD\"><img loading=\"lazy\" decoding=\"async\" width=\"512\" height=\"512\" src=\"https:\/\/partivis.se\/wp-content\/uploads\/2024\/04\/KD-logo-ikon.png\" alt=\"\" class=\"wp-image-47\" style=\"width:auto;height:50px\" srcset=\"https:\/\/partivis.se\/wp-content\/uploads\/2024\/04\/KD-logo-ikon.png 512w, https:\/\/partivis.se\/wp-content\/uploads\/2024\/04\/KD-logo-ikon-300x300.png 300w, https:\/\/partivis.se\/wp-content\/uploads\/2024\/04\/KD-logo-ikon-150x150.png 150w\" sizes=\"auto, (max-width: 512px) 100vw, 512px\" \/><\/a><figcaption class=\"wp-element-caption\">KD<\/figcaption><\/figure>\n\n\n\n<figure class=\"wp-block-image size-full is-resized\"><a href=\"#PartiL\"><img loading=\"lazy\" decoding=\"async\" width=\"512\" height=\"620\" src=\"https:\/\/partivis.se\/wp-content\/uploads\/2024\/04\/Liberalerna-ikon.png\" alt=\"\" class=\"wp-image-51\" style=\"width:auto;height:50px\" srcset=\"https:\/\/partivis.se\/wp-content\/uploads\/2024\/04\/Liberalerna-ikon.png 512w, https:\/\/partivis.se\/wp-content\/uploads\/2024\/04\/Liberalerna-ikon-248x300.png 248w\" sizes=\"auto, (max-width: 512px) 100vw, 512px\" \/><\/a><figcaption class=\"wp-element-caption\">L<\/figcaption><\/figure>\n\n\n\n<figure class=\"wp-block-image size-full is-resized\"><a href=\"#PartiSD\"><img loading=\"lazy\" decoding=\"async\" width=\"534\" height=\"570\" src=\"https:\/\/partivis.se\/wp-content\/uploads\/2024\/04\/logo_sd_logo_blasippa.png\" alt=\"\" class=\"wp-image-54\" style=\"width:auto;height:50px\" srcset=\"https:\/\/partivis.se\/wp-content\/uploads\/2024\/04\/logo_sd_logo_blasippa.png 534w, https:\/\/partivis.se\/wp-content\/uploads\/2024\/04\/logo_sd_logo_blasippa-281x300.png 281w\" sizes=\"auto, (max-width: 534px) 100vw, 534px\" \/><\/a><figcaption class=\"wp-element-caption\">SD<\/figcaption><\/figure>\n\n\n\n<figure class=\"wp-block-image size-full is-resized\"><a href=\"#PartiV\"><img loading=\"lazy\" decoding=\"async\" width=\"512\" height=\"512\" src=\"https:\/\/partivis.se\/wp-content\/uploads\/2024\/04\/Vansterpartiet-logo-ikon.png\" alt=\"\" class=\"wp-image-55\" style=\"width:auto;height:50px\" srcset=\"https:\/\/partivis.se\/wp-content\/uploads\/2024\/04\/Vansterpartiet-logo-ikon.png 512w, https:\/\/partivis.se\/wp-content\/uploads\/2024\/04\/Vansterpartiet-logo-ikon-300x300.png 300w, https:\/\/partivis.se\/wp-content\/uploads\/2024\/04\/Vansterpartiet-logo-ikon-150x150.png 150w\" sizes=\"auto, (max-width: 512px) 100vw, 512px\" \/><\/a><figcaption class=\"wp-element-caption\">V<\/figcaption><\/figure>\n<\/div>\n\n<blockquote class=\"wp-block-quote is-layout-flow wp-block-quote-is-layout-flow\">\n<p><strong>You are <a href=\"https:\/\/www.kickstarter.com\/projects\/skog\/ecoforestry?ref=checkout_rewards_page\">welcome to contribute to our crowdfunding <\/a>to cover the costs.<\/strong><\/p>\n<\/blockquote>\n\n<div class=\"wp-block-group alignfull PartiC has-background is-layout-constrained wp-block-group-is-layout-constrained\" id=\"PartiC\" style=\"background-color:#fbfbfb\">\n<div class=\"wp-block-media-text\" style=\"grid-template-columns:15% auto\"><figure class=\"wp-block-media-text__media\"><img loading=\"lazy\" decoding=\"async\" width=\"256\" height=\"254\" src=\"https:\/\/partivis.se\/wp-content\/uploads\/2024\/04\/Centerpartiet-ikon-256.png\" alt=\"Center Party\" class=\"wp-image-33 size-full\" srcset=\"https:\/\/partivis.se\/wp-content\/uploads\/2024\/04\/Centerpartiet-ikon-256.png 256w, https:\/\/partivis.se\/wp-content\/uploads\/2024\/04\/Centerpartiet-ikon-256-150x150.png 150w\" sizes=\"auto, (max-width: 256px) 100vw, 256px\" \/><\/figure><div class=\"wp-block-media-text__content\">\n<h2 class=\"wp-block-heading has-text-align-left\">Center Party<\/h2>\n<\/div><\/div>\n\n\n\n<div class=\"wp-block-group alignwide has-tertiary-background-color has-background is-content-justification-space-between is-nowrap is-layout-flex wp-container-core-group-is-layout-0b70ad5d wp-block-group-is-layout-flex\">\n<div class=\"wp-block-group is-layout-constrained wp-block-group-is-layout-constrained\">\n<p><strong>What they say<\/strong><\/p>\n\n\n\n<p>Swedish forests are valuable in many ways. Both for the wood and because it helps create a better climate. It is important that forestry is sustainable, long-term and that the property rights of individual forest owners are strong. We also think it is important to protect valuable forest areas, not least when forests are cut down. Sweden has sustainable forestry today and we must continue to protect valuable forest areas.<br \/><br \/>Source <a href=\"https:\/\/www.centerpartiet.se\/var-politik\/politik-a-o\/miljo\/hallbart-skogsbruk\" target=\"_blank\" rel=\"noreferrer noopener\">centerpartiet.se<\/a><\/p>\n<\/div>\n<\/div>\n\n\n\n<div class=\"wp-block-group alignwide has-tertiary-background-color has-background is-layout-flex wp-block-group-is-layout-flex\">\n<div class=\"wp-block-group is-layout-constrained wp-block-group-is-layout-constrained\">\n<p><strong><strong>How they think we get there<\/strong><\/strong><\/p>\n\n\n\n<p>Much like today.<\/p>\n\n\n\n<p><em>&#8220;Yes, the Center Party&#8217;s opinion is that today&#8217;s forestry is sustainable&#8221;<\/em> <br \/>Tage Gripenstam 2024-05-06<\/p>\n<\/div>\n<\/div>\n\n\n\n<div class=\"wp-block-group alignwide has-tertiary-background-color has-background is-layout-flex wp-block-group-is-layout-flex\">\n<div class=\"wp-block-group is-layout-constrained wp-block-group-is-layout-constrained\">\n<p><strong><strong><strong>What is the result?<\/strong><\/strong><\/strong><\/p>\n\n\n\n<p>Bad &#8211; today&#8217;s forestry is bad for forests, nature and people.<\/p>\n<\/div>\n<\/div>\n\n\n\n<div class=\"wp-block-group alignwide has-tertiary-background-color has-background is-layout-flex wp-block-group-is-layout-flex\">\n<div class=\"wp-block-group is-layout-constrained wp-block-group-is-layout-constrained\">\n<p><strong><strong><strong>What is the reason for this?<\/strong><\/strong><\/strong><\/p>\n\n\n\n<p>&#8220;Den bakomliggande anledningen till att m\u00e5nga skogsarter \u00e4r r\u00f6dlistade \u00e4r att det svenska skoglandskapet sedan mitten av 1900-talet storskaligt omvandlats av trakthyggesbruket i syfte att f\u00e5 en h\u00f6g virkesproduktion. N\u00e4r skogens milj\u00f6er \u00e4ndras s\u00e5 \u00e4ndras ocks\u00e5 f\u00f6ruts\u00e4ttningarna f\u00f6r djur, v\u00e4xter och svampar. Stora milj\u00f6f\u00f6r\u00e4ndringar medf\u00f6r stora artf\u00f6r\u00e4ndringar&#8221; <br \/><br \/>K\u00e4lla: <a href=\"https:\/\/www.artdatabanken.se\/globalassets\/ew\/subw\/artd\/6-publikationer\/6.tillstandet-i-skogen\/rapport_tillstandet_skogen.pdf\" target=\"_blank\" rel=\"noreferrer noopener\">ArtDatabankens rapport Tillst\u00e5ndet i skogen<\/a> sidan tretton <\/p>\n<\/div>\n<\/div>\n\n\n\n<div class=\"wp-block-group alignwide has-tertiary-background-color has-background is-layout-flex wp-block-group-is-layout-flex\">\n<div class=\"wp-block-group is-layout-constrained wp-block-group-is-layout-constrained\">\n<p><strong><strong><strong><strong>Will it help us achieve the environmental objective of living forests?<\/strong><\/strong><\/strong><\/strong><\/p>\n\n\n\n<p>No.<br \/><br \/>&#8220;Loss of natural values that cannot be restored is a serious problem. Creating a functional green infrastructure is urgent and climate change makes it even more important. Today, there are insufficient instruments to ensure that forest biodiversity is preserved and that forest ecosystem services are maintained over time.&#8221;  <br \/><br \/>Source: Swedish Environmental Protection <a href=\"https:\/\/www.naturvardsverket.se\/om-miljoarbetet\/sveriges-miljomal\/fordjupad-utvardering-av-sveriges-miljomal-2023\/nar-vi-miljokvalitetsmalen\/\" target=\"_blank\" rel=\"noreferrer noopener\">Agency &#8211; Will we achieve the environmental quality objectives?<\/a><\/p>\n<\/div>\n<\/div>\n<\/div>\n\n<div class=\"wp-block-group alignfull PartiM has-background is-layout-constrained wp-block-group-is-layout-constrained\" id=\"PartiM\" style=\"background-color:#fbfbfb\">\n<div class=\"wp-block-media-text\" style=\"grid-template-columns:15% auto\"><figure class=\"wp-block-media-text__media\"><img loading=\"lazy\" decoding=\"async\" width=\"512\" height=\"512\" src=\"https:\/\/partivis.se\/wp-content\/uploads\/2024\/04\/Moderaterna-M-ikon.png\" alt=\"\" class=\"wp-image-45 size-full\" srcset=\"https:\/\/partivis.se\/wp-content\/uploads\/2024\/04\/Moderaterna-M-ikon.png 512w, https:\/\/partivis.se\/wp-content\/uploads\/2024\/04\/Moderaterna-M-ikon-300x300.png 300w, https:\/\/partivis.se\/wp-content\/uploads\/2024\/04\/Moderaterna-M-ikon-150x150.png 150w\" sizes=\"auto, (max-width: 512px) 100vw, 512px\" \/><\/figure><div class=\"wp-block-media-text__content\">\n<h2 class=\"wp-block-heading has-text-align-left\">The Moderates<\/h2>\n<\/div><\/div>\n\n\n\n<div class=\"wp-block-group alignwide has-tertiary-background-color has-background is-content-justification-space-between is-nowrap is-layout-flex wp-container-core-group-is-layout-0b70ad5d wp-block-group-is-layout-flex\">\n<div class=\"wp-block-group is-layout-constrained wp-block-group-is-layout-constrained\">\n<p><strong>What they say<\/strong><\/p>\n\n\n\n<p>Forests are important for business and the climate transition. The Conservatives want to strengthen the right of forest owners to manage their own forests.  <\/p>\n\n\n\n<p>Source: <a href=\"https:\/\/moderaterna.se\/var-politik\/skogen\/\">moderaterna.se<\/a> <br \/><\/p>\n<\/div>\n<\/div>\n\n\n\n<div class=\"wp-block-group alignwide has-tertiary-background-color has-background is-layout-flex wp-block-group-is-layout-flex\">\n<div class=\"wp-block-group is-layout-constrained wp-block-group-is-layout-constrained\">\n<p><strong><strong>How they think we get there<\/strong><\/strong><\/p>\n\n\n\n<p>Ungef\u00e4r som idag.<\/p>\n<\/div>\n<\/div>\n\n\n\n<div class=\"wp-block-group alignwide has-tertiary-background-color has-background is-layout-flex wp-block-group-is-layout-flex\">\n<div class=\"wp-block-group is-layout-constrained wp-block-group-is-layout-constrained\">\n<p><strong><strong><strong>What is the result?<\/strong><\/strong><\/strong><\/p>\n\n\n\n<p>Bad &#8211; today&#8217;s forestry is bad for forests, nature and people.<\/p>\n<\/div>\n<\/div>\n\n\n\n<div class=\"wp-block-group alignwide has-tertiary-background-color has-background is-layout-flex wp-block-group-is-layout-flex\">\n<div class=\"wp-block-group is-layout-constrained wp-block-group-is-layout-constrained\">\n<p><strong><strong><strong>What is the reason for this?<\/strong><\/strong><\/strong><\/p>\n\n\n\n<p>&#8220;Den bakomliggande anledningen till att m\u00e5nga skogsarter \u00e4r r\u00f6dlistade \u00e4r att det svenska skogslandskapet sedan mitten av 1900-talet storskaligt omvandlats av trakthyggesbruket i syfte att f\u00e5 en h\u00f6g virkesproduktion. N\u00e4r skogens milj\u00f6er \u00e4ndras s\u00e5 \u00e4ndras ocks\u00e5 f\u00f6ruts\u00e4ttningarna f\u00f6r djur, v\u00e4xter och svampar. Stora milj\u00f6f\u00f6r\u00e4ndringar medf\u00f6r stora artf\u00f6r\u00e4ndringar&#8221; <br \/><br \/>K\u00e4lla: <a href=\"https:\/\/www.artdatabanken.se\/globalassets\/ew\/subw\/artd\/6-publikationer\/6.tillstandet-i-skogen\/rapport_tillstandet_skogen.pdf\" target=\"_blank\" rel=\"noreferrer noopener\">ArtDatabankens rapport Tillst\u00e5ndet i skogen<\/a> sidan tretton<\/p>\n<\/div>\n<\/div>\n\n\n\n<div class=\"wp-block-group alignwide has-tertiary-background-color has-background is-layout-flex wp-block-group-is-layout-flex\">\n<div class=\"wp-block-group is-layout-constrained wp-block-group-is-layout-constrained\">\n<p><strong><strong><strong><strong>Will it help us achieve the environmental objective of living forests?<\/strong><\/strong><\/strong><\/strong><\/p>\n\n\n\n<p>No.<br \/><br \/>&#8220;Loss of natural values that cannot be restored is a serious problem. Creating a functional green infrastructure is urgent and climate change makes it even more important. Today, there are insufficient instruments to ensure that forest biodiversity is preserved and that forest ecosystem services are maintained over time.&#8221;  <br \/><br \/>Source: Swedish Environmental Protection <a href=\"https:\/\/www.naturvardsverket.se\/om-miljoarbetet\/sveriges-miljomal\/fordjupad-utvardering-av-sveriges-miljomal-2023\/nar-vi-miljokvalitetsmalen\/\" target=\"_blank\" rel=\"noreferrer noopener\">Agency &#8211; Will we achieve the environmental quality objectives?<\/a><\/p>\n<\/div>\n<\/div>\n<\/div>\n\n<div class=\"wp-block-group alignfull has-background is-layout-constrained wp-block-group-is-layout-constrained\" id=\"PartiS\" style=\"background-color:#fbfbfb\">\n<div class=\"wp-block-media-text\" style=\"grid-template-columns:15% auto\"><figure class=\"wp-block-media-text__media\"><img loading=\"lazy\" decoding=\"async\" width=\"573\" height=\"590\" src=\"https:\/\/partivis.se\/wp-content\/uploads\/2024\/04\/Socialdemokraterna-red-logo-ikon.png\" alt=\"\" class=\"wp-image-44 size-full\" srcset=\"https:\/\/partivis.se\/wp-content\/uploads\/2024\/04\/Socialdemokraterna-red-logo-ikon.png 573w, https:\/\/partivis.se\/wp-content\/uploads\/2024\/04\/Socialdemokraterna-red-logo-ikon-291x300.png 291w\" sizes=\"auto, (max-width: 573px) 100vw, 573px\" \/><\/figure><div class=\"wp-block-media-text__content\">\n<h2 class=\"wp-block-heading has-text-align-left\">The Social Democrats<\/h2>\n<\/div><\/div>\n\n\n\n<div class=\"wp-block-group alignwide has-tertiary-background-color has-background is-content-justification-space-between is-nowrap is-layout-flex wp-container-core-group-is-layout-0b70ad5d wp-block-group-is-layout-flex\">\n<div class=\"wp-block-group is-layout-constrained wp-block-group-is-layout-constrained\">\n<p><strong>What they say<\/strong><\/p>\n\n\n\n<p>Swedish forests are our green gold, creating jobs and sustainable growth throughout the country. But Swedish forests also have a unique natural value and should therefore be managed in balance between nature conservation and forestry.  <\/p>\n\n\n\n<p>Source: <a href=\"https:\/\/www.socialdemokraterna.se\/var-politik\/a-till-o\/skog\" target=\"_blank\" rel=\"noreferrer noopener\">socialdemokraterna.se<\/a>  <\/p>\n<\/div>\n<\/div>\n\n\n\n<div class=\"wp-block-group alignwide has-tertiary-background-color has-background is-layout-flex wp-block-group-is-layout-flex\">\n<div class=\"wp-block-group is-layout-constrained wp-block-group-is-layout-constrained\">\n<p><strong><strong>How they think we get there<\/strong><\/strong><\/p>\n\n\n\n<p>Uppdatering kommer <\/p>\n<\/div>\n<\/div>\n\n\n\n<div class=\"wp-block-group alignwide has-tertiary-background-color has-background is-layout-flex wp-block-group-is-layout-flex\">\n<div class=\"wp-block-group is-layout-constrained wp-block-group-is-layout-constrained\">\n<p><strong><strong><strong>What is the result?<\/strong><\/strong><\/strong><\/p>\n\n\n\n<p>Om vi forts\u00e4tter som idag, illa &#8211; dagens skogsbruk fungerar d\u00e5ligt f\u00f6r skogen, naturen och oss m\u00e4nniskor.<\/p>\n<\/div>\n<\/div>\n\n\n\n<div class=\"wp-block-group alignwide has-tertiary-background-color has-background is-layout-flex wp-block-group-is-layout-flex\">\n<div class=\"wp-block-group is-layout-constrained wp-block-group-is-layout-constrained\">\n<p><strong><strong><strong>What is the reason for this?<\/strong><\/strong><\/strong><\/p>\n\n\n\n<p>&#8220;Den bakomliggande anledningen till att m\u00e5nga skogsarter \u00e4r r\u00f6dlistade \u00e4r att det svenska skogslandskapet sedan mitten av 1900-talet storskaligt omvandlats av trakthyggesbruket i syfte att f\u00e5 en h\u00f6g virkesproduktion. N\u00e4r skogens milj\u00f6er \u00e4ndras s\u00e5 \u00e4ndras ocks\u00e5 f\u00f6ruts\u00e4ttningarna f\u00f6r djur, v\u00e4xter och svampar. Stora milj\u00f6f\u00f6r\u00e4ndringar medf\u00f6r stora artf\u00f6r\u00e4ndringar&#8221; <br \/><br \/>K\u00e4lla: <a href=\"https:\/\/www.artdatabanken.se\/globalassets\/ew\/subw\/artd\/6-publikationer\/6.tillstandet-i-skogen\/rapport_tillstandet_skogen.pdf\" target=\"_blank\" rel=\"noreferrer noopener\">ArtDatabankens rapport Tillst\u00e5ndet i skogen<\/a> sidan tretton<\/p>\n<\/div>\n<\/div>\n\n\n\n<div class=\"wp-block-group alignwide has-tertiary-background-color has-background is-layout-flex wp-block-group-is-layout-flex\">\n<div class=\"wp-block-group is-layout-constrained wp-block-group-is-layout-constrained\">\n<p><strong><strong><strong><strong>Will it help us achieve the environmental objective of living forests?<\/strong><\/strong><\/strong><\/strong><\/p>\n\n\n\n<p>No.<br \/><br \/>&#8220;Loss of natural values that cannot be restored is a serious problem. Creating a functional green infrastructure is urgent and climate change makes it even more important. Today, there are insufficient instruments to ensure that forest biodiversity is preserved and that forest ecosystem services are maintained over time.&#8221;  <br \/><br \/>Source: Swedish Environmental Protection <a href=\"https:\/\/www.naturvardsverket.se\/om-miljoarbetet\/sveriges-miljomal\/fordjupad-utvardering-av-sveriges-miljomal-2023\/nar-vi-miljokvalitetsmalen\/\" target=\"_blank\" rel=\"noreferrer noopener\">Agency &#8211; Will we achieve the environmental quality objectives?<\/a><\/p>\n<\/div>\n<\/div>\n<\/div>\n\n<div class=\"wp-block-group alignfull PartiMP has-background is-layout-constrained wp-block-group-is-layout-constrained\" id=\"PartiMP\" style=\"background-color:#fbfbfb\">\n<div class=\"wp-block-media-text\" style=\"grid-template-columns:15% auto\"><figure class=\"wp-block-media-text__media\"><img loading=\"lazy\" decoding=\"async\" width=\"627\" height=\"549\" src=\"https:\/\/partivis.se\/wp-content\/uploads\/2024\/04\/Miljopartiet-logo-ikon.png\" alt=\"\" class=\"wp-image-49 size-full\" srcset=\"https:\/\/partivis.se\/wp-content\/uploads\/2024\/04\/Miljopartiet-logo-ikon.png 627w, https:\/\/partivis.se\/wp-content\/uploads\/2024\/04\/Miljopartiet-logo-ikon-300x263.png 300w\" sizes=\"auto, (max-width: 627px) 100vw, 627px\" \/><\/figure><div class=\"wp-block-media-text__content\">\n<h2 class=\"wp-block-heading has-text-align-left\">Green Party<\/h2>\n<\/div><\/div>\n\n\n\n<div class=\"wp-block-group alignwide has-tertiary-background-color has-background is-content-justification-space-between is-nowrap is-layout-flex wp-container-core-group-is-layout-0b70ad5d wp-block-group-is-layout-flex\">\n<div class=\"wp-block-group is-layout-constrained wp-block-group-is-layout-constrained\">\n<p><strong>What they say<\/strong><\/p>\n\n\n\n<p>There is a global natural crisis of unprecedented scale in human history. The world is heading into a sixth mass extinction of species. The species crisis is also happening in Sweden. We humans depend on the ecosystems that provide us with air, water, energy and food. The Green Party wants forests, soil and water to be used in a sustainable way. We want to preserve our animal and plant species and protect forests.<\/p>\n<\/div>\n<\/div>\n\n\n\n<div class=\"wp-block-group alignwide has-tertiary-background-color has-background is-layout-flex wp-block-group-is-layout-flex\">\n<div class=\"wp-block-group is-layout-constrained wp-block-group-is-layout-constrained\">\n<p><strong><strong>How they think we get there<\/strong><\/strong><\/p>\n\n\n\n<p>From the MP&#8217;s side: Protect valuable natural environments &#8211; increase resources for nature conservation across the country. Managing the land with care &#8211; promoting semi-natural and clear-cut forestry. The state&#8217;s land holdings should set an example in forestry, save pollinating insects and strengthen biodiversity. Protect 30 percent of Sweden&#8217;s nature, including our unique continuous mountain forests and forests worthy of protection throughout the country. Restore wetlands that have been drained at an accelerated pace. More forestry is carried out using clear-cutting methods.<\/p>\n\n\n\n<p>Source: <a href=\"https:\/\/www.mp.se\/politik\/skog-och-biologisk-mangfald\/\">Mp.se<\/a> <\/p>\n<\/div>\n<\/div>\n\n\n\n<div class=\"wp-block-group alignwide has-tertiary-background-color has-background is-layout-flex wp-block-group-is-layout-flex\">\n<div class=\"wp-block-group is-layout-constrained wp-block-group-is-layout-constrained\">\n<p><strong><strong><strong>What is the result?<\/strong><\/strong><\/strong><\/p>\n\n\n\n<p>Mycket bra.<\/p>\n<\/div>\n<\/div>\n\n\n\n<div class=\"wp-block-group alignwide has-tertiary-background-color has-background is-layout-flex wp-block-group-is-layout-flex\">\n<div class=\"wp-block-group is-layout-constrained wp-block-group-is-layout-constrained\">\n<p><strong><strong><strong><strong><strong><strong>What is the reason for this?<\/strong><\/strong><\/strong><\/strong><\/strong><\/strong><\/p>\n\n\n\n<p>Because this is exactly what is needed, a new nature-based forestry. How it looks will differ between north and south, as the forest differs.<\/p>\n<\/div>\n<\/div>\n\n\n\n<div class=\"wp-block-group alignwide has-tertiary-background-color has-background is-layout-flex wp-block-group-is-layout-flex\">\n<div class=\"wp-block-group is-layout-constrained wp-block-group-is-layout-constrained\">\n<p><strong><strong><strong><strong>Will it help us achieve the environmental objective of living forests?<\/strong><\/strong><\/strong><\/strong><\/p>\n\n\n\n<p>Yes.<\/p>\n<\/div>\n<\/div>\n<\/div>\n\n<div class=\"wp-block-group alignfull PartiKD has-background is-layout-constrained wp-block-group-is-layout-constrained\" id=\"PartiKD\" style=\"background-color:#fbfbfb\">\n<div class=\"wp-block-media-text\" style=\"grid-template-columns:15% auto\"><figure class=\"wp-block-media-text__media\"><img loading=\"lazy\" decoding=\"async\" width=\"512\" height=\"512\" src=\"https:\/\/partivis.se\/wp-content\/uploads\/2024\/04\/KD-logo-ikon.png\" alt=\"Christian Democrats\" class=\"wp-image-47 size-full\" srcset=\"https:\/\/partivis.se\/wp-content\/uploads\/2024\/04\/KD-logo-ikon.png 512w, https:\/\/partivis.se\/wp-content\/uploads\/2024\/04\/KD-logo-ikon-300x300.png 300w, https:\/\/partivis.se\/wp-content\/uploads\/2024\/04\/KD-logo-ikon-150x150.png 150w\" sizes=\"auto, (max-width: 512px) 100vw, 512px\" \/><\/figure><div class=\"wp-block-media-text__content\">\n<h2 class=\"wp-block-heading has-text-align-left\">Christian Democrats<\/h2>\n<\/div><\/div>\n\n\n\n<div class=\"wp-block-group alignwide has-tertiary-background-color has-background is-content-justification-space-between is-nowrap is-layout-flex wp-container-core-group-is-layout-0b70ad5d wp-block-group-is-layout-flex\">\n<div class=\"wp-block-group is-layout-constrained wp-block-group-is-layout-constrained\">\n<p><strong>What they say<\/strong><\/p>\n\n\n\n<p>Forestry is one of our most important industries, which must be conducted based on the two equal goals of environment and production, in order for forestry to be sustainable over time and promote biodiversity. Forests are a key resource on the road to carbon neutrality.  <\/p>\n\n\n\n<p>Source: <a href=\"https:\/\/kristdemokraterna.se\/var-politik\/politik-a-till-o\/skogsbruk\">Kristdemokraterna.se<\/a><\/p>\n<\/div>\n<\/div>\n\n\n\n<div class=\"wp-block-group alignwide has-tertiary-background-color has-background is-layout-flex wp-block-group-is-layout-flex\">\n<div class=\"wp-block-group is-layout-constrained wp-block-group-is-layout-constrained\">\n<p><strong><strong>How they think we get there<\/strong><\/strong><\/p>\n\n\n\n<p>Ungef\u00e4r som idag, fast mer frihet under ansvar. <a href=\"https:\/\/kristdemokraterna.se\/var-politik\/politikomraden\/jord--skogsbruk\" target=\"_blank\" rel=\"noreferrer noopener\">L\u00e4s mer h\u00e4r<\/a><\/p>\n<\/div>\n<\/div>\n\n\n\n<div class=\"wp-block-group alignwide has-tertiary-background-color has-background is-layout-flex wp-block-group-is-layout-flex\">\n<div class=\"wp-block-group is-layout-constrained wp-block-group-is-layout-constrained\">\n<p><strong><strong><strong>What is the result?<\/strong><\/strong><\/strong><\/p>\n\n\n\n<p>Bad &#8211; today&#8217;s forestry is bad for forests, nature and people.<\/p>\n<\/div>\n<\/div>\n\n\n\n<div class=\"wp-block-group alignwide has-tertiary-background-color has-background is-layout-flex wp-block-group-is-layout-flex\">\n<div class=\"wp-block-group is-layout-constrained wp-block-group-is-layout-constrained\">\n<p><strong><strong><strong>What is the reason for this?<\/strong><\/strong><\/strong><\/p>\n\n\n\n<p>&#8220;Den bakomliggande anledningen till att m\u00e5nga skogsarter \u00e4r r\u00f6dlistade \u00e4r att det svenska skoglandskapet sedan mitten av 1900-talet storskaligt omvandlats av trakthyggesbruket i syfte att f\u00e5 en h\u00f6g virkesproduktion. N\u00e4r skogens milj\u00f6er \u00e4ndras s\u00e5 \u00e4ndras ocks\u00e5 f\u00f6ruts\u00e4ttningarna f\u00f6r djur, v\u00e4xter och svampar. Stora milj\u00f6f\u00f6r\u00e4ndringar medf\u00f6r stora artf\u00f6r\u00e4ndringar&#8221; <br \/><br \/>K\u00e4lla: <a href=\"https:\/\/www.artdatabanken.se\/globalassets\/ew\/subw\/artd\/6-publikationer\/6.tillstandet-i-skogen\/rapport_tillstandet_skogen.pdf\" target=\"_blank\" rel=\"noreferrer noopener\">ArtDatabankens rapport Tillst\u00e5ndet i skogen<\/a> sidan tretton<\/p>\n<\/div>\n<\/div>\n\n\n\n<div class=\"wp-block-group alignwide has-tertiary-background-color has-background is-layout-flex wp-block-group-is-layout-flex\">\n<div class=\"wp-block-group is-layout-constrained wp-block-group-is-layout-constrained\">\n<p><strong><strong><strong><strong>Will it help us achieve the environmental objective of living forests?<\/strong><\/strong><\/strong><\/strong><\/p>\n\n\n\n<p>No.<br \/><br \/>&#8220;Loss of natural values that cannot be restored is a serious problem. Creating a functional green infrastructure is urgent and climate change makes it even more important. Today, there are insufficient instruments to ensure that forest biodiversity is preserved and that forest ecosystem services are maintained over time.&#8221;  <br \/><br \/>Source: Swedish Environmental Protection <a href=\"https:\/\/www.naturvardsverket.se\/om-miljoarbetet\/sveriges-miljomal\/fordjupad-utvardering-av-sveriges-miljomal-2023\/nar-vi-miljokvalitetsmalen\/\" target=\"_blank\" rel=\"noreferrer noopener\">Agency &#8211; Will we achieve the environmental quality objectives?<\/a><\/p>\n<\/div>\n<\/div>\n<\/div>\n\n<div class=\"wp-block-group alignfull PartiL has-background is-layout-constrained wp-block-group-is-layout-constrained\" id=\"PartiL\" style=\"background-color:#fbfbfb\">\n<div class=\"wp-block-media-text\" style=\"grid-template-columns:15% auto\"><figure class=\"wp-block-media-text__media\"><img loading=\"lazy\" decoding=\"async\" width=\"512\" height=\"620\" src=\"https:\/\/partivis.se\/wp-content\/uploads\/2024\/04\/Liberalerna-ikon.png\" alt=\"\" class=\"wp-image-51 size-full\" srcset=\"https:\/\/partivis.se\/wp-content\/uploads\/2024\/04\/Liberalerna-ikon.png 512w, https:\/\/partivis.se\/wp-content\/uploads\/2024\/04\/Liberalerna-ikon-248x300.png 248w\" sizes=\"auto, (max-width: 512px) 100vw, 512px\" \/><\/figure><div class=\"wp-block-media-text__content\">\n<h2 class=\"wp-block-heading has-text-align-left\">The Liberals<\/h2>\n<\/div><\/div>\n\n\n\n<div class=\"wp-block-group alignwide has-tertiary-background-color has-background is-content-justification-space-between is-nowrap is-layout-flex wp-container-core-group-is-layout-0b70ad5d wp-block-group-is-layout-flex\">\n<div class=\"wp-block-group is-layout-constrained wp-block-group-is-layout-constrained\">\n<p><strong>What they say<\/strong><\/p>\n\n\n\n<p>Forests are crucial for biodiversity. It also plays an important role in our economy. Ecosystems and forestry should coexist. Achieving both the environmental and production objectives of forest policy requires consensus. The Red-Green Party&#8217;s policy has been one-sided and has led to hard deadlocks as it ignored the development of forestry. Despite this, the situation for ecosystems remains worrying. Environmental protection has been set against the need for forest products. This must not continue. Forestry can and should be efficient and gentle.  <br \/><br \/>Source: <a href=\"https:\/\/www.liberalerna.se\/politik\/skogen\">liberalerna.se\/politik\/skogen<\/a><\/p>\n<\/div>\n<\/div>\n\n\n\n<div class=\"wp-block-group alignwide has-tertiary-background-color has-background is-layout-flex wp-block-group-is-layout-flex\">\n<div class=\"wp-block-group is-layout-constrained wp-block-group-is-layout-constrained\">\n<p><strong><strong>How they think we get there<\/strong><\/strong><\/p>\n\n\n\n<p>Difficult to interpret, but my interpretation is that there will be continued shoe use as today. After talks with the Liberals, I hope to be able to give a clearer description<\/p>\n<\/div>\n<\/div>\n\n\n\n<div class=\"wp-block-group alignwide has-tertiary-background-color has-background is-layout-flex wp-block-group-is-layout-flex\">\n<div class=\"wp-block-group is-layout-constrained wp-block-group-is-layout-constrained\">\n<p><strong><strong><strong>What is the result?<\/strong><\/strong><\/strong><\/p>\n\n\n\n<p>Bad &#8211; today&#8217;s forestry is bad for forests, nature and people.<\/p>\n<\/div>\n<\/div>\n\n\n\n<div class=\"wp-block-group alignwide has-tertiary-background-color has-background is-layout-flex wp-block-group-is-layout-flex\">\n<div class=\"wp-block-group is-layout-constrained wp-block-group-is-layout-constrained\">\n<p><strong><strong><strong>What is the reason for this?<\/strong><\/strong><\/strong><\/p>\n\n\n\n<p><em>&#8220;Den bakomliggande anledningen till att m\u00e5nga skogsarter \u00e4r r\u00f6dlistade \u00e4r att det svenska skoglsandskapet sedan mitten av 1900-talet storskaligt omvandlats av trakthyggesbruket i syfte att f\u00e5 en h\u00f6g virkesproduktion. N\u00e4r skogens milj\u00f6er \u00e4ndras s\u00e5 \u00e4ndras ocks\u00e5 f\u00f6ruts\u00e4ttningarna f\u00f6r djur, v\u00e4xter och svampar. Stora milj\u00f6f\u00f6r\u00e4ndringar medf\u00f6r stora artf\u00f6r\u00e4ndringar&#8221;<\/em> <br \/><br \/>K\u00e4lla: <a href=\"https:\/\/www.artdatabanken.se\/globalassets\/ew\/subw\/artd\/6-publikationer\/6.tillstandet-i-skogen\/rapport_tillstandet_skogen.pdf\" target=\"_blank\" rel=\"noreferrer noopener\">ArtDatabankens rapport Tillst\u00e5ndet i skogen<\/a> sidan tretton<\/p>\n<\/div>\n<\/div>\n\n\n\n<div class=\"wp-block-group alignwide has-tertiary-background-color has-background is-layout-flex wp-block-group-is-layout-flex\">\n<div class=\"wp-block-group is-layout-constrained wp-block-group-is-layout-constrained\">\n<p><strong><strong><strong><strong>Will it help us achieve the environmental objective of living forests?<\/strong><\/strong><\/strong><\/strong><\/p>\n\n\n\n<p>No.<br \/><br \/>&#8220;Loss of natural values that cannot be restored is a serious problem. Creating a functional green infrastructure is urgent and climate change makes it even more important. Today, there are insufficient instruments to ensure that forest biodiversity is preserved and that forest ecosystem services are maintained over time.&#8221;  <br \/><br \/>Source: Swedish Environmental Protection <a href=\"https:\/\/www.naturvardsverket.se\/om-miljoarbetet\/sveriges-miljomal\/fordjupad-utvardering-av-sveriges-miljomal-2023\/nar-vi-miljokvalitetsmalen\/\" target=\"_blank\" rel=\"noreferrer noopener\">Agency &#8211; Will we achieve the environmental quality objectives?<\/a><\/p>\n<\/div>\n<\/div>\n<\/div>\n\n<div class=\"wp-block-group alignfull PartiSD has-background is-layout-constrained wp-block-group-is-layout-constrained\" id=\"PartiSD\" style=\"background-color:#fbfbfb\">\n<div class=\"wp-block-media-text\" style=\"grid-template-columns:15% auto\"><figure class=\"wp-block-media-text__media\"><img loading=\"lazy\" decoding=\"async\" width=\"534\" height=\"570\" src=\"https:\/\/partivis.se\/wp-content\/uploads\/2024\/04\/logo_sd_logo_blasippa.png\" alt=\"\" class=\"wp-image-54 size-full\" srcset=\"https:\/\/partivis.se\/wp-content\/uploads\/2024\/04\/logo_sd_logo_blasippa.png 534w, https:\/\/partivis.se\/wp-content\/uploads\/2024\/04\/logo_sd_logo_blasippa-281x300.png 281w\" sizes=\"auto, (max-width: 534px) 100vw, 534px\" \/><\/figure><div class=\"wp-block-media-text__content\">\n<h2 class=\"wp-block-heading has-text-align-left\">Sweden Democrats<\/h2>\n<\/div><\/div>\n\n\n\n<div class=\"wp-block-group alignwide has-tertiary-background-color has-background is-content-justification-space-between is-nowrap is-layout-flex wp-container-core-group-is-layout-0b70ad5d wp-block-group-is-layout-flex\">\n<div class=\"wp-block-group is-layout-constrained wp-block-group-is-layout-constrained\">\n<p><strong>What they say<\/strong><\/p>\n\n\n\n<p>Swedish agriculture and forestry must be protected and contribute to Swedish competitiveness, good environmental standards, open landscapes and Swedish self-sufficiency and exports. Successful agriculture and forestry is a prerequisite for all of Sweden to live and is an important part of the Swedish economy.  <a href=\"https:\/\/sd.se\/wp-content\/uploads\/2022\/07\/sverigedemokraternas-valplattform-2022-april.pdf\" target=\"_blank\" rel=\"noreferrer noopener\">Read more here<\/a><\/p>\n<\/div>\n<\/div>\n\n\n\n<div class=\"wp-block-group alignwide has-tertiary-background-color has-background is-layout-flex wp-block-group-is-layout-flex\">\n<div class=\"wp-block-group is-layout-constrained wp-block-group-is-layout-constrained\">\n<p><strong><strong>How they think we get there<\/strong><\/strong><\/p>\n\n\n\n<p>Much like today.<\/p>\n<\/div>\n<\/div>\n\n\n\n<div class=\"wp-block-group alignwide has-tertiary-background-color has-background is-layout-flex wp-block-group-is-layout-flex\">\n<div class=\"wp-block-group is-layout-constrained wp-block-group-is-layout-constrained\">\n<p><strong><strong><strong>What is the result?<\/strong><\/strong><\/strong><\/p>\n\n\n\n<p>Bad &#8211; today&#8217;s forestry is bad for forests, nature and people.<\/p>\n<\/div>\n<\/div>\n\n\n\n<div class=\"wp-block-group alignwide has-tertiary-background-color has-background is-layout-flex wp-block-group-is-layout-flex\">\n<div class=\"wp-block-group is-layout-constrained wp-block-group-is-layout-constrained\">\n<p><strong><strong><strong>What is the reason for this?<\/strong><\/strong><\/strong><\/p>\n\n\n\n<p><em>&#8220;Den bakomliggande anledningen till att m\u00e5nga skogsarter \u00e4r r\u00f6dlistade \u00e4r att det svenska skoglsandskapet sedan mitten av 1900-talet storskaligt omvandlats av trakthyggesbruket i syfte att f\u00e5 en h\u00f6g virkesproduktion. N\u00e4r skogens milj\u00f6er \u00e4ndras s\u00e5 \u00e4ndras ocks\u00e5 f\u00f6ruts\u00e4ttningarna f\u00f6r djur, v\u00e4xter och svampar. Stora milj\u00f6f\u00f6r\u00e4ndringar medf\u00f6r stora artf\u00f6r\u00e4ndringar&#8221;<\/em> <br \/><br \/>K\u00e4lla:<a href=\"https:\/\/www.artdatabanken.se\/globalassets\/ew\/subw\/artd\/6-publikationer\/6.tillstandet-i-skogen\/rapport_tillstandet_skogen.pdf\" target=\"_blank\" rel=\"noreferrer noopener\">ArtDatabankens rapport Tillst\u00e5ndet i skogen<\/a> sidan tretton<\/p>\n<\/div>\n<\/div>\n\n\n\n<div class=\"wp-block-group alignwide has-tertiary-background-color has-background is-layout-flex wp-block-group-is-layout-flex\">\n<div class=\"wp-block-group is-layout-constrained wp-block-group-is-layout-constrained\">\n<p><strong><strong><strong><strong>Will it help us achieve the environmental objective of living forests?<\/strong><\/strong><\/strong><\/strong><\/p>\n\n\n\n<p>No.<br \/><br \/>&#8220;Loss of natural values that cannot be restored is a serious problem. Creating a functional green infrastructure is urgent and climate change makes it even more important. Today, there are insufficient instruments to ensure that forest biodiversity is preserved and that forest ecosystem services are maintained over time.&#8221;  <br \/><br \/>Source: Swedish Environmental Protection <a href=\"https:\/\/www.naturvardsverket.se\/om-miljoarbetet\/sveriges-miljomal\/fordjupad-utvardering-av-sveriges-miljomal-2023\/nar-vi-miljokvalitetsmalen\/\" target=\"_blank\" rel=\"noreferrer noopener\">Agency &#8211; Will we achieve the environmental quality objectives?<\/a><\/p>\n<\/div>\n<\/div>\n<\/div>\n\n<div class=\"wp-block-group alignfull PartiV has-background is-layout-constrained wp-block-group-is-layout-constrained\" id=\"PartiV\" style=\"background-color:#fbfbfb\">\n<div class=\"wp-block-media-text\" style=\"grid-template-columns:15% auto\"><figure class=\"wp-block-media-text__media\"><img loading=\"lazy\" decoding=\"async\" width=\"512\" height=\"512\" src=\"https:\/\/partivis.se\/wp-content\/uploads\/2024\/04\/Vansterpartiet-logo-ikon.png\" alt=\"The Left Party\" class=\"wp-image-55 size-full\" srcset=\"https:\/\/partivis.se\/wp-content\/uploads\/2024\/04\/Vansterpartiet-logo-ikon.png 512w, https:\/\/partivis.se\/wp-content\/uploads\/2024\/04\/Vansterpartiet-logo-ikon-300x300.png 300w, https:\/\/partivis.se\/wp-content\/uploads\/2024\/04\/Vansterpartiet-logo-ikon-150x150.png 150w\" sizes=\"auto, (max-width: 512px) 100vw, 512px\" \/><\/figure><div class=\"wp-block-media-text__content\">\n<h2 class=\"wp-block-heading has-text-align-left\">The Left Party<\/h2>\n<\/div><\/div>\n\n\n\n<div class=\"wp-block-group alignwide has-tertiary-background-color has-background is-content-justification-space-between is-nowrap is-layout-flex wp-container-core-group-is-layout-0b70ad5d wp-block-group-is-layout-flex\">\n<div class=\"wp-block-group is-layout-constrained wp-block-group-is-layout-constrained\">\n<p><strong>What they say<\/strong><\/p>\n\n\n\n<p>For us, the environment is more important than the profit motive. Biodiversity depletion, the climate crisis and other serious environmental problems mean that we need to urgently transform our society. Sweden has only achieved one of our 16 national environmental objectives. We need to do more than what is being done today to reduce the pressure on our ecosystems. We want to implement environmental improvement measures for ecologically sustainable agriculture, environmentally sound forestry and fishing, and sustainable mineral extraction.<\/p>\n\n\n\n<p>Source: <a href=\"https:\/\/www.vansterpartiet.se\/var-politik\/politik-a-o\/miljo\/\" target=\"_blank\" rel=\"noreferrer noopener\">Vansterpartiet.se<\/a><\/p>\n<\/div>\n<\/div>\n\n\n\n<div class=\"wp-block-group alignwide has-tertiary-background-color has-background is-layout-flex wp-block-group-is-layout-flex\">\n<div class=\"wp-block-group is-layout-constrained wp-block-group-is-layout-constrained\">\n<p><strong><strong>How they think we will get there<\/strong><\/strong><\/p>\n\n\n\n<p>In a motion they wrote the following: In order for Sweden to achieve sustainable forestry that is conducted within the framework of nature and which to the necessary extent protects our remaining forests with high natural values, the Left Party proposes the following measures: Proposals for further measures to strengthen the climate benefits of forests are also found in the Left Party&#8217;s motion Climate crisis.  <\/p>\n\n\n\n<p>Another piece of text is as follows: Nature needs stronger legal protection. As early as 1971, the Left Party moved a motion in Parliament for the introduction of an international convention to prohibit crimes against nature (ecocide). By making ecocide a crime under the so-called Rome Statute, crimes against the environment would have a similar status to war crimes or crimes against humanity and could be prosecuted at the International Criminal Court in The Hague.<\/p>\n\n\n\n<p><a href=\"https:\/\/www.riksdagen.se\/sv\/dokument-och-lagar\/dokument\/motion\/biologisk-mangfald_h9023279\/html\/#_Toc117001196\" target=\"_blank\" rel=\"noreferrer noopener\">Read more here<\/a><\/p>\n<\/div>\n<\/div>\n\n\n\n<div class=\"wp-block-group alignwide has-tertiary-background-color has-background is-layout-flex wp-block-group-is-layout-flex\">\n<div class=\"wp-block-group is-layout-constrained wp-block-group-is-layout-constrained\">\n<p><strong><strong><strong>What is the result?<\/strong><\/strong><\/strong><\/p>\n\n\n\n<p>Detta kan bli bra. En Implementerad Ekocidlag skulle f\u00f6r\u00e4ndra skogsbruket i grunden. Samtidigt fick jag inga tydliga svar hur mycket kalhyggesbruk de anser att vi skall forts\u00e4tta med. Att g\u00f6ra kalhyggen p\u00e5 h\u00e4lften av marken skulle vara f\u00f6r mycket. Kanske 10-20% kalhyggen kan fungera. <\/p>\n<\/div>\n<\/div>\n\n\n\n<div class=\"wp-block-group alignwide has-tertiary-background-color has-background is-layout-flex wp-block-group-is-layout-flex\">\n<div class=\"wp-block-group is-layout-constrained wp-block-group-is-layout-constrained\">\n<p><strong><strong><strong>What is the reason for this?<\/strong><\/strong><\/strong><\/p>\n\n\n\n<p>F\u00f6r att det \u00e4r ett nytt skogsbruk som beh\u00f6vs. <\/p>\n<\/div>\n<\/div>\n\n\n\n<div class=\"wp-block-group alignwide has-tertiary-background-color has-background is-layout-flex wp-block-group-is-layout-flex\">\n<div class=\"wp-block-group is-layout-constrained wp-block-group-is-layout-constrained\">\n<p><strong><strong><strong><strong>Will it help us achieve the environmental objective of living forests?<\/strong><\/strong><\/strong><\/strong><\/p>\n\n\n\n<p>Det beror p\u00e5 hur stor del av skogsbruket som forts\u00e4tts bedrivas med kalhyggesbruk samt vilken typ av hyggesfritt skogsbruk som till\u00e4mpas. <\/p>\n<\/div>\n<\/div>\n<\/div>\n","protected":false},"excerpt":{"rendered":"<p>You are welcome to contribute to our crowdfunding to cover the costs. Center Party What they say Swedish forests are valuable in many ways. Both for the wood and because it helps create a better climate. It is important that forestry is sustainable, long-term and that the property rights of individual forest owners are strong. [&hellip;]<\/p>\n","protected":false},"author":2,"featured_media":0,"parent":0,"menu_order":0,"comment_status":"closed","ping_status":"closed","template":"","meta":{"footnotes":""},"class_list":["post-293","page","type-page","status-publish","hentry"],"_links":{"self":[{"href":"https:\/\/partivis.se\/en\/wp-json\/wp\/v2\/pages\/293","targetHints":{"allow":["GET"]}}],"collection":[{"href":"https:\/\/partivis.se\/en\/wp-json\/wp\/v2\/pages"}],"about":[{"href":"https:\/\/partivis.se\/en\/wp-json\/wp\/v2\/types\/page"}],"author":[{"embeddable":true,"href":"https:\/\/partivis.se\/en\/wp-json\/wp\/v2\/users\/2"}],"replies":[{"embeddable":true,"href":"https:\/\/partivis.se\/en\/wp-json\/wp\/v2\/comments?post=293"}],"version-history":[{"count":4,"href":"https:\/\/partivis.se\/en\/wp-json\/wp\/v2\/pages\/293\/revisions"}],"predecessor-version":[{"id":297,"href":"https:\/\/partivis.se\/en\/wp-json\/wp\/v2\/pages\/293\/revisions\/297"}],"wp:attachment":[{"href":"https:\/\/partivis.se\/en\/wp-json\/wp\/v2\/media?parent=293"}],"curies":[{"name":"wp","href":"https:\/\/api.w.org\/{rel}","templated":true}]}}